{"id":377,"date":"2019-06-05T14:15:52","date_gmt":"2019-06-05T12:15:52","guid":{"rendered":"https:\/\/www.refugedesresistancesarmandgatti.ovh\/?page_id=377"},"modified":"2020-05-29T16:22:20","modified_gmt":"2020-05-29T14:22:20","slug":"un-lieu-de-memoire-et-de-culture-vivantes-inscrit-dans-le-territoire","status":"publish","type":"page","link":"https:\/\/www.refugedesresistancesarmandgatti.ovh\/index.php\/gatti-2020\/un-lieu-de-memoire-et-de-culture-vivantes-inscrit-dans-le-territoire\/","title":{"rendered":"Un lieu de m\u00e9moire et de culture vivantes inscrit dans le territoire"},"content":{"rendered":"<p>Le souhait de Gatti et d\u2019H\u00e9l\u00e8ne Chatelain \u00e9tait multiple, le lieu devait \u00eatre un moyen d\u2019ouvrir son esprit vers d\u2019autres possibles.<\/p>\n<p><em>\u00ab\u00a0Ici au maquis, Mas, Helie, les fr\u00e8res Claravel, Poyetton, Gatti y ont invent\u00e9 la cath\u00e9drale o\u00f9 chaque vitrail est un battement d&rsquo;aile vers l&rsquo;infini\u00a0\u00bb<\/em>.<\/p>\n<p>&nbsp;<\/p>\n<p><img loading=\"lazy\" decoding=\"async\" class=\"size-medium wp-image-392 aligncenter\" src=\"https:\/\/www.refugedesresistancesarmandgatti.ovh\/wp-content\/uploads\/2019\/06\/DSCF5974r-300x200.jpg\" alt=\"\" width=\"300\" height=\"200\" srcset=\"https:\/\/www.refugedesresistancesarmandgatti.ovh\/wp-content\/uploads\/2019\/06\/DSCF5974r-300x200.jpg 300w, https:\/\/www.refugedesresistancesarmandgatti.ovh\/wp-content\/uploads\/2019\/06\/DSCF5974r.jpg 734w, https:\/\/www.refugedesresistancesarmandgatti.ovh\/wp-content\/uploads\/2019\/06\/DSCF5974r-730x487.jpg 730w, https:\/\/www.refugedesresistancesarmandgatti.ovh\/wp-content\/uploads\/2019\/06\/DSCF5974r-624x417.jpg 624w\" sizes=\"(max-width: 300px) 100vw, 300px\" \/><\/p>\n<ul>\n<li><strong>L\u2019achat\u00a0 et l&rsquo;am\u00e9nagement du site (environ 1,7 ha de for\u00eat), l\u2019installation de la pierre grav\u00e9e<br \/>\n<\/strong><\/li>\n<li><strong>La mise en place du centre de ressources sur l\u2019\u0153uvre de Gatti : <\/strong><\/li>\n<\/ul>\n<p style=\"padding-left: 40px;\">D\u00e9couvrir Gatti et son \u0153uvre : Le projet comprend la mise en place d\u2019un fond documentaire \u00e0 la m\u00e9diath\u00e8que de Tarnac et notamment la mise \u00e0 disposition de ressources audiovisuelles (th\u00e9\u00e2tre, cin\u00e9ma, lecture, interventions)<\/p>\n<ul>\n<li><strong>L\u2019\u00e9dition musicale et bilingue du po\u00e8me de Gatti : <\/strong><\/li>\n<\/ul>\n<p style=\"padding-left: 40px;\">L\u2019interpr\u00e9tation musicale du grand po\u00e8me: <a href=\"https:\/\/www.refugedesresistancesarmandgatti.ovh\/index.php\/refuge-des-resistances\/2015-resister-disent-ils\/\">\u00ab Les cinq noms de R\u00e9sistance de Georges Guingouin<\/a>, (\u2026) \u00bb fut cr\u00e9\u00e9e en 2015 devant A. Gatti au CDN\u2014Th\u00e9atre de l\u2019Union \u00e0 Limoges. L\u2019\u00e9dition de cette \u0153uvre est indissociable de la d\u00e9marche engag\u00e9e d\u00e8s 2013 avec Gatti autour du trou.(www.natomusic.fr)<\/p>\n<ul>\n<li><strong>La mise en valeur et la protection de ce lieu de m\u00e9moire : <\/strong><\/li>\n<\/ul>\n<p style=\"padding-left: 40px;\">Le lieu sera mis en valeur et pr\u00e9serv\u00e9. Organisation des espaces, r\u00f4le et pr\u00e9sence de diff\u00e9rentes esp\u00e8ces d\u2019arbres, protection patrimoniale du lieu (domaine public, classement, \u2026) , liens avec la m\u00e9diath\u00e8que et les ressources en ligne.<\/p>\n<ul>\n<li><strong>Avril 2020 :<\/strong><\/li>\n<\/ul>\n<p style=\"padding-left: 40px;\">Inauguration du site : rencontres, projections, concert, lectures.<\/p>\n<ul>\n<li><b>Les acteurs du projet<\/b><br \/>\nLe projet est port\u00e9 par <i>le Refuge des R\u00e9sistances Armand <\/i><i>Gatti<\/i>, en collaboration avec la Mairie de Tarnac , les \u00e9ditions <i>Nato <\/i>(Paris) et <i>Gatti multipli\u00e9 par X<\/i>.<\/li>\n<\/ul>\n<p style=\"padding-left: 40px;\">Il est soutenu par le CDN-Th\u00e2tre de l\u2019Union de Limoges<\/p>\n<p>&nbsp;<\/p>\n<p><a href=\"https:\/\/www.refugedesresistancesarmandgatti.ovh\/index.php\/gatti-2020\/soutenir-le-projet-gatti-2020\/\"><strong>Soutenez ce projet&#8230;.<\/strong><\/a><\/p>\n<p>&nbsp;<\/p>\n","protected":false},"excerpt":{"rendered":"<p>Le souhait de Gatti et d\u2019H\u00e9l\u00e8ne Chatelain \u00e9tait multiple, le lieu devait \u00eatre un moyen d\u2019ouvrir son esprit vers d\u2019autres possibles. \u00ab\u00a0Ici au maquis, Mas, Helie, les fr\u00e8res Claravel, Poyetton, Gatti y ont invent\u00e9 la cath\u00e9drale o\u00f9 chaque vitrail est un battement d&rsquo;aile vers l&rsquo;infini\u00a0\u00bb. &nbsp; L\u2019achat\u00a0 et l&rsquo;am\u00e9nagement du site (environ 1,7 ha de [&hellip;]<\/p>\n","protected":false},"author":2,"featured_media":0,"parent":191,"menu_order":0,"comment_status":"closed","ping_status":"closed","template":"page-templates\/full-width.php","meta":{"footnotes":""},"class_list":["post-377","page","type-page","status-publish","hentry"],"_links":{"self":[{"href":"https:\/\/www.refugedesresistancesarmandgatti.ovh\/index.php\/wp-json\/wp\/v2\/pages\/377"}],"collection":[{"href":"https:\/\/www.refugedesresistancesarmandgatti.ovh\/index.php\/wp-json\/wp\/v2\/pages"}],"about":[{"href":"https:\/\/www.refugedesresistancesarmandgatti.ovh\/index.php\/wp-json\/wp\/v2\/types\/page"}],"author":[{"embeddable":true,"href":"https:\/\/www.refugedesresistancesarmandgatti.ovh\/index.php\/wp-json\/wp\/v2\/users\/2"}],"replies":[{"embeddable":true,"href":"https:\/\/www.refugedesresistancesarmandgatti.ovh\/index.php\/wp-json\/wp\/v2\/comments?post=377"}],"version-history":[{"count":7,"href":"https:\/\/www.refugedesresistancesarmandgatti.ovh\/index.php\/wp-json\/wp\/v2\/pages\/377\/revisions"}],"predecessor-version":[{"id":455,"href":"https:\/\/www.refugedesresistancesarmandgatti.ovh\/index.php\/wp-json\/wp\/v2\/pages\/377\/revisions\/455"}],"up":[{"embeddable":true,"href":"https:\/\/www.refugedesresistancesarmandgatti.ovh\/index.php\/wp-json\/wp\/v2\/pages\/191"}],"wp:attachment":[{"href":"https:\/\/www.refugedesresistancesarmandgatti.ovh\/index.php\/wp-json\/wp\/v2\/media?parent=377"}],"curies":[{"name":"wp","href":"https:\/\/api.w.org\/{rel}","templated":true}]}}