{"id":231,"date":"2019-03-05T16:36:31","date_gmt":"2019-03-05T15:36:31","guid":{"rendered":"https:\/\/www.refugedesresistancesarmandgatti.ovh\/?page_id=231"},"modified":"2019-03-25T18:03:16","modified_gmt":"2019-03-25T17:03:16","slug":"la-vie-loeuvre-la-trajectoire-unique-dun-createur","status":"publish","type":"page","link":"https:\/\/www.refugedesresistancesarmandgatti.ovh\/index.php\/reperes\/la-vie-loeuvre-la-trajectoire-unique-dun-createur\/","title":{"rendered":"l\u2019\u0153uvre, la trajectoire unique d\u2019un cr\u00e9ateur"},"content":{"rendered":"<h2><b>Armand Gatti<\/b><\/h2>\n<p>Naissance \u00e0 Monaco en <b>1924<\/b><br \/>\nEn <b>1941 <\/b>, il est exclu du petit s\u00e9minaire et rentre en premi\u00e8re au lyc\u00e9e de Monaco. Il \u00e9crit une \u00e9pop\u00e9e sign\u00e9e Lermontov o\u00f9 il se moque de ses professeurs, ce qui entra\u00eene son exclusion le 14 juin.<br \/>\nEn <b>1943<\/b>, il est arr\u00eat\u00e9 \u00e0 Tarnac, emprisonn\u00e9 \u00e0 Tulle, puis transf\u00e9r\u00e9 \u00e0 Bordeaux o\u00f9 il est travailleur forc\u00e9 \u00e0 la construction de la base sous-marine. Transf\u00e9r\u00e9 \u00e0 Hambourg, \u00e0 l\u2019entreprise Lindemann, il s\u2019en \u00e9vade et rejoint en Corr\u00e8ze l\u2019un des nombreux maquis d\u00e9pendant de Georges Guingouin. Il participe \u00e0 la lib\u00e9ration de Limoges.<br \/>\nEn <b>1944 <\/b>et 1945, il est parachutiste \u00e0 Londres dans le Special Air Service (SAS) . Il est d\u00e9mobilis\u00e9 le 1er novembre <b>1945<\/b>.<br \/>\nIl entre en janvier <b>1946 <\/b>au Parisien lib\u00e9r\u00e9 comme r\u00e9dacteur stagiaire. Entre 1946 et 1947, il y rencontre celui qui sera son ami de toujours, Pierre Joffroy.<br \/>\nNomm\u00e9, le 1er janvier <b>1949<\/b>, r\u00e9dacteur au Parisien lib\u00e9r\u00e9, il y devient la m\u00eame ann\u00e9e reporter, statut qu\u2019il gardera jusqu\u2019\u00e0 son d\u00e9part du journal, en 1956.<br \/>\nEn <b>1950 <\/b>et 1951, il r\u00e9alise des reportages souvent cosign\u00e9s avec Pierre Joffroy sur des sujets vari\u00e9s : spiritisme, justice, pauvret\u00e9, collaboration, exploitation de la main-d\u2019\u0153uvre en Martinique, &#8230; Fin 1951, il part pour l\u2019Alg\u00e9rie o\u00f9 il rencontre Kateb Yacine.<br \/>\nEn <b>1953<\/b>, Armand Gatti assiste au proc\u00e8s d&rsquo;Oradour-sur-Glane. \u00ab La Justice militaire \u00bb, article publi\u00e9 dans Esprit, d\u00e9nonce l\u2019acquittement d\u2019un capitaine de gendarmerie \u00ab coupable d\u2019avoir fait passer de vie \u00e0 tr\u00e9pas quelques maquisards \u00bb.<br \/>\nEn <b>1954<\/b>, il apprend le m\u00e9tier de dompteur pour r\u00e9aliser l\u2019enqu\u00eate \u00ab Envoy\u00e9 sp\u00e9cial dans la cage aux fauves \u00bb qui lui vaut le Prix Albert-Londres. Devenu grand reporter, il voyage en Am\u00e9rique latine (Costa Rica, Salvador, Nicaragua).<br \/>\nEn <b>1955<\/b>, il entre \u00e0 Paris Match. Passant par la Russie, la Sib\u00e9rie et la Mongolie, il part pour trois mois en Chine avec Chris Marker, Michel Leiris, Jean Lur\u00e7at, Paul Ric\u0153ur et Ren\u00e9 Dumont. \u00c0 la d\u00e9couverte du th\u00e9\u00e2tre chinois \u2013 et tout particuli\u00e8rement de Kouan Han Shin, auteur du XIVe si\u00e8cle \u2013 il rencontre Mei Lan Fang, prodigieux com\u00e9dien de l&rsquo;op\u00e9ra de P\u00e9kin, et retrouve son ami Wang, connu \u00e0 Paris \u00e0 la fin des ann\u00e9es 1940, qui l\u2019introduit aupr\u00e8s de Mao Ts\u00e9-Toung. Il revient par le Transsib\u00e9rien.<br \/>\nEn <b>1959<\/b>, il obtient le prix F\u00e9n\u00e9on de litt\u00e9rature pour le Poisson noir, \u00e9crit l\u2019ann\u00e9e pr\u00e9c\u00e9dente. Jean Vilar monte Le Crapaud-Buffle au Th\u00e9\u00e2tre R\u00e9camier, Petit TNP.<br \/>\nEn <b>1960<\/b>, il r\u00e9alise en Yougoslavie son premier film, L\u2019Enclos, dont il a \u00e9crit le sc\u00e9nario et les dialogues avec Pierre Joffroy.<br \/>\nEn <b>1961 <\/b>, L\u2019Enclos est pr\u00e9sent\u00e9 dans plusieurs festivals o\u00f9 il obtient des prix : \u00e0 Cannes, celui de la Critique ; \u00e0 Moscou, o\u00f9 il rencontre Nazim Hikmet, celui de la mise en sc\u00e8ne ; \u00e0 Mannheim, o\u00f9 il re\u00e7oit une Mention sp\u00e9ciale hors concours.<br \/>\nEn <b>1969<\/b>, il s\u2019installe \u00e0 Berlin-Ouest, invit\u00e9 \u00e0 la fois par le S\u00e9nat et l\u2019universit\u00e9 o\u00f9 il a de nombreux amis. Il travaille auparavant \u00e0 Stuttgart pour r\u00e9aliser son troisi\u00e8me film, Ubergang \u00fcber den Ebro (Le Passage de l&rsquo;\u00c8bre), produit par la t\u00e9l\u00e9vision ZDF \u2013 puis \u00e0 Kassel, o\u00f9 il r\u00e9\u00e9crit La Naissance, qu\u2019il met en sc\u00e8ne au Staatstheater. La Vie imaginaire de l\u2019\u00e9boueur Auguste G. est jou\u00e9e au Piccolo Teatro de Milan, dirig\u00e9 par Paolo Grassi, qui invite \u00e0 la premi\u00e8re la m\u00e8re d\u2019Armand Gatti, l\u2019\u00e9pouse du d\u00e9funt Auguste.<br \/>\nEn <b>1974<\/b>, Gatti rentre en France. Il finit d\u2019\u00e9crire Quatre schizophr\u00e9nies \u00e0 la recherche d\u2019un pays dont l\u2019existence est contest\u00e9e. Vu le succ\u00e8s de la lecture de Rosa Collective, Lucien Attoun l\u2019invite au XXVIIIe festival d\u2019Avignon, \u00e0 la chapelle des P\u00e9nitents blancs, pour une nouvelle exp\u00e9rience : La Tribu des Carcana en guerre contre quoi ?<br \/>\nEn <b>1981 <\/b>, il s&rsquo;installe en Irlande du Nord (Derry) d\u00e8s janvier, pour pr\u00e9parer le tournage d\u2019un film. Nous \u00e9tions tous des noms d\u2019arbres est coproduit par la t\u00e9l\u00e9vision belge et une soci\u00e9t\u00e9 irlandaise sp\u00e9cialement cr\u00e9\u00e9e par la communaut\u00e9 des habitants de Derry et la soci\u00e9t\u00e9 de production des fr\u00e8res Dardenne. Ce film sera r\u00e9compens\u00e9 \u00e0 Cannes, en 1982, avec l\u2019attribution du prix Jean Delmas et \u00e0 Londres, avec l\u2019attribution du meilleur film de l\u2019ann\u00e9e.<br \/>\n<b>1986 <\/b>\u00e0 1988 : cr\u00e9ations et mises en sc\u00e8ne au Canada et aux Etats unis.<br \/>\nEn <b>1988<\/b>, le ministre de la Culture, Jack Lang, lui remet le Grand Prix national du th\u00e9\u00e2tre. Invit\u00e9 \u00e0 l\u2019universit\u00e9 de Rochester (\u00c9tat de New York), il y adapte Les Sept Possibilit\u00e9s du train 713 en partance d\u2019Auschwitz, au contexte social am\u00e9ricain. De retour \u00e0 Toulouse, il travaille sur la R\u00e9volution fran\u00e7aise et cr\u00e9e avec le quatri\u00e8me stage du Crafi Nous, R\u00e9volution aux bras nus.<br \/>\nEn <b>1989<\/b>, Gatti c\u00e9l\u00e8bre le bicentenaire de la R\u00e9volution fran\u00e7aise en cr\u00e9ant Les Combats du jour et de la nuit \u00e0 la maison d\u2019arr\u00eat de Fleury-M\u00e9rogis avec douze d\u00e9tenus. Un colloque international \u00abSalut Armand Gatti \u00bb est organis\u00e9 par l\u2019universit\u00e9 Paris-VIII par Michelle Kokosowski et Philippe Tancelin. Il re\u00e7oit \u00e0 Asti le prix Alfieri, r\u00e9compensant \u00ab un grand po\u00e8te fran\u00e7ais d\u2019origine italienne \u00bb.<br \/>\nEn <b>1994 <\/b>et 1995, Jean Hurstel l\u2019invite sur ses terres. Avec quatre-vingts stagiaires, il va cr\u00e9er \u00e0<br \/>\nStrasbourg Kepler, le langage n\u00e9cessaire, annonc\u00e9 comme un work in progress sous le titre r\u00e9v\u00e9lateur de son \u00e9tat d\u2019esprit : Nous avons l\u2019art afin de ne pas mourir de la v\u00e9rit\u00e9. F. Nietzsche. Cette exp\u00e9rience sera tr\u00e8s fructueuse en rencontres avec des scientifiques : Agn\u00e8s Acker, Francis Bailly, Jean-Marie Brom, Guy Chouraqui, Baudouin Jurdant et Isabelle Stengers. C\u2019est le d\u00e9but de la saga de <strong>La Travers\u00e9e des langages<\/strong>, marqu\u00e9e par sa d\u00e9couverte de la th\u00e9orie quantique et de Jean Cavaill\u00e8s.<br \/>\nEn <b>1996 <\/b>et 1997, L\u2019Enfant-Rat est cr\u00e9\u00e9 \u00e0 Limoges, au Festival des francophonies, mise en sc\u00e8ne de H\u00e9l\u00e8ne Ch\u00e2telain. Gatti cr\u00e9e aussi L\u2019Inconnu n\u00b0 5 du foss\u00e9 des fusill\u00e9s du Pentagone d\u2019Arras, \u00e0 Sarcelles.<\/p>\n<p>En <strong>1999<\/strong> est publi\u00e9 \u00ab\u00a0<strong>La parole errante<\/strong>\u00a0\u00bb (ed. Verdier), recueil de plus de 1700 pages : \u00a0\u00bb Au moment o\u00f9 l\u2019\u00e9criture du livre (re)commence, la sc\u00e8ne est donc en place. Comme un dispositif dramaturgique. Avec ses r\u00f4les. Ses positions. Ses espaces.<br \/>\nIl y a les mots. Les phrases. Les chapitres. Ceux des tentatives pr\u00e9c\u00e9dentes. Ceux de deux manuscrits autrefois perdus, abandonn\u00e9s (l\u2019un, pendant la guerre, mang\u00e9 par un mouton ; l\u2019autre apr\u00e8s la guerre, emport\u00e9 par une crue de la Seine). Ceux des pi\u00e8ces \u00e9crites, des films r\u00e9alis\u00e9s, des livres lus, relus, mots complices de Michaux, Joyce, Tchouang-tseu, Walter Benjamin, et bien d\u2019autres.<br \/>\nIl y a les \u00e9v\u00e9nements. Ceux du si\u00e8cle. Ceux que l\u2019histoire a retenus et ceux qu\u2019elle a \u00e9cart\u00e9s. Tous ces gestes d\u2019hommes, d\u2019animaux et d\u2019\u00e9toiles qu\u2019une m\u00eame lumi\u00e8re semble avoir attir\u00e9s : la r\u00e9volution ?<br \/>\nIl y a les diff\u00e9rentes existences de celui qui s\u2019assoit \u00e0 la table. Existences v\u00e9cues. Imagin\u00e9es. Chacune estampill\u00e9e d\u2019un num\u00e9ro de matricule (le matricule, depuis les camps de concentration, c\u2019est la signature du si\u00e8cle).\u00a0\u00bb (<a href=\"https:\/\/editions-verdier.fr\/livre\/la-parole-errante\/\">extrait de la pr\u00e9face de Michel S\u00e9onnet<\/a>)<\/p>\n<p>En <b>2000<\/b>, au Th\u00e9\u00e2tre universitaire de Besan\u00e7on, anim\u00e9 par Lucile Garbagnati, il participe au colloque \u00ab Temps scientifique et Temps th\u00e9\u00e2tral \u00bb, o\u00f9 il lit Incertitudes de la m\u00e9canique quantique devenant chant des oiseaux du Graal pour l\u2019entr\u00e9e des groupes de Galois dans le langage dramatique. A Lagrasse, le banquet du livre est consacr\u00e9 \u00e0 Gatti et \u00e0 son ouvrage \u00ab\u00a0La Parole errante\u00a0\u00bb.<br \/>\nEn <b>2004-2005<\/b>, Armand Gatti est fait commandeur des Arts et Lettres et re\u00e7oit le prix du Th\u00e9\u00e2tre de la Soci\u00e9t\u00e9 des auteurs et compositeurs dramatiques (SACD).<br \/>\nEn <b>2006<\/b>, il lit le po\u00e8me les Cinq noms de r\u00e9sistance de Georges Guingouin, dans la For\u00eat de la Berbeyrolle, sur la commune de Tarnac, en Corr\u00e8ze.<br \/>\nEn <b>2010<\/b>, \u00e0 l\u2019issue de sa deuxi\u00e8me r\u00e9sidence dans le Limousin, il cr\u00e9e Science et R\u00e9sistance battant des ailes pour donner aux femmes en noir de Tarnac un destin d\u2019oiseau des altitudes, avec trente \u00e9tudiants fran\u00e7ais et \u00e9trangers, au gymnase du lyc\u00e9e forestier de Neuvic.<\/p>\n<p>En <strong>2012<\/strong> est publi\u00e9 \u00ab\u00a0<strong>La Travers\u00e9e des Langages<\/strong>\u00a0\u00bb (ed; Verdier), recueil de 19 pi\u00e8ces de th\u00e9\u00e2tre o\u00f9 \u00ab\u00a0S\u2019invente alors un th\u00e9\u00e2tre o\u00f9 les incertitudes du langage de l\u2019univers, r\u00e9v\u00e9l\u00e9es par les sciences du xx<sup>e<\/sup> si\u00e8cle, l\u2019irr\u00e9ductible myst\u00e8re de la nature et de l\u2019homme, s\u2019\u00e9l\u00e8vent contre toutes les formes d\u2019oppression rationaliste du monde spectaculaire et marchand\u00a0\u00bb (op.cit.)<br \/>\nPour Armand Gatti, prise dans la temp\u00eate de l\u2019histoire, la r\u00e9sistance est toujours victorieuse tant que dure le combat. Son utopie th\u00e9\u00e2trale est \u00e0 la fois champ de bataille et chant d\u2019espoir.<br \/>\nEn <b>2013<\/b>, Armand Gatti lit \u00e0 Limoges et \u00e0 St Etienne R\u00e9volution culturelle, nous voil\u00e0 ! Il re\u00e7oit le Prix du Th\u00e9\u00e2tre de l\u2019Acad\u00e9mie fran\u00e7aise pour l\u2019ensemble de son \u0153uvre.<br \/>\nIl meurt le 6 avril <b>2017 <\/b>\u00e0 l&rsquo;h\u00f4pital d&rsquo;instruction des arm\u00e9es B\u00e9gin \u00e0 Saint-Mand\u00e9.<\/p>\n<p>&nbsp;<\/p>\n","protected":false},"excerpt":{"rendered":"<p>Armand Gatti Naissance \u00e0 Monaco en 1924 En 1941 , il est exclu du petit s\u00e9minaire et rentre en premi\u00e8re au lyc\u00e9e de Monaco. Il \u00e9crit une \u00e9pop\u00e9e sign\u00e9e Lermontov o\u00f9 il se moque de ses professeurs, ce qui entra\u00eene son exclusion le 14 juin. En 1943, il est arr\u00eat\u00e9 \u00e0 Tarnac, emprisonn\u00e9 \u00e0 Tulle, [&hellip;]<\/p>\n","protected":false},"author":2,"featured_media":0,"parent":180,"menu_order":0,"comment_status":"closed","ping_status":"closed","template":"","meta":{"footnotes":""},"class_list":["post-231","page","type-page","status-publish","hentry"],"_links":{"self":[{"href":"https:\/\/www.refugedesresistancesarmandgatti.ovh\/index.php\/wp-json\/wp\/v2\/pages\/231"}],"collection":[{"href":"https:\/\/www.refugedesresistancesarmandgatti.ovh\/index.php\/wp-json\/wp\/v2\/pages"}],"about":[{"href":"https:\/\/www.refugedesresistancesarmandgatti.ovh\/index.php\/wp-json\/wp\/v2\/types\/page"}],"author":[{"embeddable":true,"href":"https:\/\/www.refugedesresistancesarmandgatti.ovh\/index.php\/wp-json\/wp\/v2\/users\/2"}],"replies":[{"embeddable":true,"href":"https:\/\/www.refugedesresistancesarmandgatti.ovh\/index.php\/wp-json\/wp\/v2\/comments?post=231"}],"version-history":[{"count":6,"href":"https:\/\/www.refugedesresistancesarmandgatti.ovh\/index.php\/wp-json\/wp\/v2\/pages\/231\/revisions"}],"predecessor-version":[{"id":357,"href":"https:\/\/www.refugedesresistancesarmandgatti.ovh\/index.php\/wp-json\/wp\/v2\/pages\/231\/revisions\/357"}],"up":[{"embeddable":true,"href":"https:\/\/www.refugedesresistancesarmandgatti.ovh\/index.php\/wp-json\/wp\/v2\/pages\/180"}],"wp:attachment":[{"href":"https:\/\/www.refugedesresistancesarmandgatti.ovh\/index.php\/wp-json\/wp\/v2\/media?parent=231"}],"curies":[{"name":"wp","href":"https:\/\/api.w.org\/{rel}","templated":true}]}}