{"id":229,"date":"2019-03-05T16:35:47","date_gmt":"2019-03-05T15:35:47","guid":{"rendered":"https:\/\/www.refugedesresistancesarmandgatti.ovh\/?page_id=229"},"modified":"2024-09-26T15:17:28","modified_gmt":"2024-09-26T13:17:28","slug":"le-lieu","status":"publish","type":"page","link":"https:\/\/www.refugedesresistancesarmandgatti.ovh\/index.php\/gatti-et-le-limousin\/le-lieu\/","title":{"rendered":"Le Lieu"},"content":{"rendered":"<p>Le lieu est fondamental. Le plateau de Millevaches repr\u00e9sente dans l&rsquo;histoire personnelle de Gatti celui de sa seconde naissance. Ce n&rsquo;est pas qu&rsquo;une formule : c&rsquo;est l\u00e0, en 1943, que\u00a0 l&rsquo;adolescent de 18 ans, bard\u00e9 de livres et de r\u00eaves, orphelin et r\u00e9volt\u00e9, se retrouve dans les maquis de Guingouin. L&rsquo;hostilit\u00e9 du monde et l&rsquo;\u00e9vidence de l&rsquo;action l&rsquo;y conduisent sans d\u00e9tour. De Monaco o\u00f9 il est n\u00e9 et a v\u00e9cu son enfance, o\u00f9 son p\u00e8re, militant anarchiste, vient de se faire assassiner par les policiers au cours d&rsquo;une manifestation, il part sans d\u00e9tour l\u00e0 o\u00f9, \u00e0 ses yeux, il fallait \u00eatre. \u00ab\u00a0L&rsquo;endroit juste\u00a0\u00bb dira-t-il plus tard. A cette date l\u00e0, en ce temps l\u00e0, <em>l&rsquo;endroit juste<\/em> avait les allures d&rsquo;un trou dans la for\u00eat de la Berbeyrolle, pr\u00e8s de la ferme du m\u00eame nom, commune de Tarnac, d\u00e9partement de la Corr\u00e8ze, plateau de Millevaches, Limousin.<\/p>\n<p><img loading=\"lazy\" decoding=\"async\" class=\" wp-image-239 aligncenter\" src=\"https:\/\/www.refugedesresistancesarmandgatti.ovh\/wp-content\/uploads\/2019\/03\/Berbeyrolle-mai-200612-300x225.jpg\" alt=\"\" width=\"455\" height=\"341\" srcset=\"https:\/\/www.refugedesresistancesarmandgatti.ovh\/wp-content\/uploads\/2019\/03\/Berbeyrolle-mai-200612-300x225.jpg 300w, https:\/\/www.refugedesresistancesarmandgatti.ovh\/wp-content\/uploads\/2019\/03\/Berbeyrolle-mai-200612-768x576.jpg 768w, https:\/\/www.refugedesresistancesarmandgatti.ovh\/wp-content\/uploads\/2019\/03\/Berbeyrolle-mai-200612.jpg 1024w, https:\/\/www.refugedesresistancesarmandgatti.ovh\/wp-content\/uploads\/2019\/03\/Berbeyrolle-mai-200612-624x468.jpg 624w\" sizes=\"(max-width: 455px) 100vw, 455px\" \/><\/p>\n<p><strong>L<\/strong><strong>a for\u00eat de la Berbeyrolle :<\/strong><em>Une d\u00e9finition par les mots de Gatti<\/em><\/p>\n<p><strong>Berbeyrolle :<\/strong> sur le plateau de Millevaches, for\u00eat magique qui servit de refuge aux Brigades internationales, puis devint le premier maquis du Massif central. On y lisait Antonio Gramsci pendant les heures de garde et, tout autour, les arbres r\u00e9pondaient.<\/p>\n<p><em>La Parole<\/em><em> errante (tome III &#8211; p 1736)<\/em><\/p>\n<p>Donc, corriger le dictionnaire :<\/p>\n<p><strong><em>Armand Gatti : <\/em><\/strong><em>dramaturge fran\u00e7ais d&rsquo;origine italienne, n\u00e9 une premi\u00e8re fois \u00e0 Monaco en 1924, n\u00e9 une seconde fois sur le plateau de Millevaches, en 1942.<\/em><\/p>\n<div id=\"attachment_134\" style=\"width: 476px\" class=\"wp-caption aligncenter\"><img loading=\"lazy\" decoding=\"async\" aria-describedby=\"caption-attachment-134\" class=\" wp-image-134\" src=\"https:\/\/www.refugedesresistancesarmandgatti.ovh\/wp-content\/uploads\/2017\/05\/trougatti-300x202.jpg\" alt=\"Les participants de la r\u00e9sidence de Neuvic 2010, tomb\u00e9s dans le trou de la Berbeyrolle\" width=\"466\" height=\"314\" srcset=\"https:\/\/www.refugedesresistancesarmandgatti.ovh\/wp-content\/uploads\/2017\/05\/trougatti-300x202.jpg 300w, https:\/\/www.refugedesresistancesarmandgatti.ovh\/wp-content\/uploads\/2017\/05\/trougatti-624x419.jpg 624w, https:\/\/www.refugedesresistancesarmandgatti.ovh\/wp-content\/uploads\/2017\/05\/trougatti.jpg 640w\" sizes=\"(max-width: 466px) 100vw, 466px\" \/><p id=\"caption-attachment-134\" class=\"wp-caption-text\">Les participants de la r\u00e9sidence de Neuvic 2010, tomb\u00e9s dans le trou&#8230;<br \/>Photo Damien Faucher<\/p><\/div>\n<p><strong>Gatti et la for\u00eat de la Berbeyrolle en 10 vid\u00e9os :<\/strong><\/p>\n<p>&nbsp;<\/p>\n<p>&nbsp;<\/p>\n<div style=\"width: 625px;\" class=\"wp-video\"><!--[if lt IE 9]><script>document.createElement('video');<\/script><![endif]-->\n<video class=\"wp-video-shortcode\" id=\"video-229-1\" width=\"625\" height=\"500\" preload=\"metadata\" controls=\"controls\"><source type=\"video\/mp4\" src=\"https:\/\/www.refugedesresistancesarmandgatti.ovh\/wp-content\/uploads\/2024\/07\/1-Le-Maquis-Gatti.mp4?_=1\" \/><a href=\"https:\/\/www.refugedesresistancesarmandgatti.ovh\/wp-content\/uploads\/2024\/07\/1-Le-Maquis-Gatti.mp4\">https:\/\/www.refugedesresistancesarmandgatti.ovh\/wp-content\/uploads\/2024\/07\/1-Le-Maquis-Gatti.mp4<\/a><\/video><\/div>\n<span class=\"su-qrcode su-qrcode-align-none\"><a target=\"_blank\" title=\"1 - Le Maquis\"><img decoding=\"async\" src=\"https:\/\/api.qrserver.com\/v1\/create-qr-code\/?data=https%3A%2F%2Fwww.refugedesresistancesarmandgatti.ovh%2Fwp-content%2Fuploads%2F2024%2F07%2F1-Le-Maquis-Gatti.mp4&#038;size=200x200&#038;format=png&#038;margin=0&#038;color=000000&#038;bgcolor=ffffff\" alt=\"1 - Le Maquis\" \/><\/a><\/span>\n<div style=\"width: 625px;\" class=\"wp-video\"><video class=\"wp-video-shortcode\" id=\"video-229-2\" width=\"625\" height=\"500\" preload=\"metadata\" controls=\"controls\"><source type=\"video\/mp4\" src=\"https:\/\/www.refugedesresistancesarmandgatti.ovh\/wp-content\/uploads\/2024\/07\/2-la-foret-de-berbeyrolle.mp4?_=2\" \/><a href=\"https:\/\/www.refugedesresistancesarmandgatti.ovh\/wp-content\/uploads\/2024\/07\/2-la-foret-de-berbeyrolle.mp4\">https:\/\/www.refugedesresistancesarmandgatti.ovh\/wp-content\/uploads\/2024\/07\/2-la-foret-de-berbeyrolle.mp4<\/a><\/video><\/div>\n<p>&nbsp;<\/p>\n<span class=\"su-qrcode su-qrcode-align-none\"><a target=\"_blank\" title=\"2 - Creuser un trou\"><img decoding=\"async\" src=\"https:\/\/api.qrserver.com\/v1\/create-qr-code\/?data=https%3A%2F%2Fwww.refugedesresistancesarmandgatti.ovh%2Fwp-content%2Fuploads%2F2024%2F07%2F2-la-foret-de-berbeyrolle.mp4&#038;size=200x200&#038;format=png&#038;margin=0&#038;color=000000&#038;bgcolor=ffffff\" alt=\"2 - Creuser un trou\" \/><\/a><\/span>\n<div style=\"width: 625px;\" class=\"wp-video\"><video class=\"wp-video-shortcode\" id=\"video-229-3\" width=\"625\" height=\"500\" preload=\"metadata\" controls=\"controls\"><source type=\"video\/mp4\" src=\"https:\/\/www.refugedesresistancesarmandgatti.ovh\/wp-content\/uploads\/2024\/07\/3-la-foret-de-berbeyrolle.mp4?_=3\" \/><a href=\"https:\/\/www.refugedesresistancesarmandgatti.ovh\/wp-content\/uploads\/2024\/07\/3-la-foret-de-berbeyrolle.mp4\">https:\/\/www.refugedesresistancesarmandgatti.ovh\/wp-content\/uploads\/2024\/07\/3-la-foret-de-berbeyrolle.mp4<\/a><\/video><\/div>\n<p>&nbsp;<\/p>\n<span class=\"su-qrcode su-qrcode-align-none\"><a target=\"_blank\" title=\"3 - L&#039;am\u00e9nagement du trou\"><img decoding=\"async\" src=\"https:\/\/api.qrserver.com\/v1\/create-qr-code\/?data=https%3A%2F%2Fwww.refugedesresistancesarmandgatti.ovh%2Fwp-content%2Fuploads%2F2024%2F07%2F3-la-foret-de-berbeyrolle.mp4&#038;size=200x200&#038;format=png&#038;margin=0&#038;color=000000&#038;bgcolor=ffffff\" alt=\"3 - L&#039;am\u00e9nagement du trou\" \/><\/a><\/span>\n<div style=\"width: 625px;\" class=\"wp-video\"><video class=\"wp-video-shortcode\" id=\"video-229-4\" width=\"625\" height=\"500\" preload=\"metadata\" controls=\"controls\"><source type=\"video\/mp4\" src=\"https:\/\/www.refugedesresistancesarmandgatti.ovh\/wp-content\/uploads\/2024\/07\/4-Le-maquis-de-Gatti.mp4?_=4\" \/><a href=\"https:\/\/www.refugedesresistancesarmandgatti.ovh\/wp-content\/uploads\/2024\/07\/4-Le-maquis-de-Gatti.mp4\">https:\/\/www.refugedesresistancesarmandgatti.ovh\/wp-content\/uploads\/2024\/07\/4-Le-maquis-de-Gatti.mp4<\/a><\/video><\/div>\n<p>&nbsp;<\/p>\n<span class=\"su-qrcode su-qrcode-align-none\"><a target=\"_blank\" title=\"4 - Les arbres avec les hommes\"><img decoding=\"async\" src=\"https:\/\/api.qrserver.com\/v1\/create-qr-code\/?data=https%3A%2F%2Fwww.refugedesresistancesarmandgatti.ovh%2Fwp-content%2Fuploads%2F2024%2F07%2F4-Le-maquis-de-Gatti.mp4&#038;size=200x200&#038;format=png&#038;margin=0&#038;color=000000&#038;bgcolor=ffffff\" alt=\"4 - Les arbres avec les hommes\" \/><\/a><\/span>\n<p>&nbsp;<\/p>\n<div style=\"width: 625px;\" class=\"wp-video\"><video class=\"wp-video-shortcode\" id=\"video-229-5\" width=\"625\" height=\"500\" preload=\"metadata\" controls=\"controls\"><source type=\"video\/mp4\" src=\"https:\/\/www.refugedesresistancesarmandgatti.ovh\/wp-content\/uploads\/2024\/07\/5-la-foret-de-berbeyrolle.mp4?_=5\" \/><a href=\"https:\/\/www.refugedesresistancesarmandgatti.ovh\/wp-content\/uploads\/2024\/07\/5-la-foret-de-berbeyrolle.mp4\">https:\/\/www.refugedesresistancesarmandgatti.ovh\/wp-content\/uploads\/2024\/07\/5-la-foret-de-berbeyrolle.mp4<\/a><\/video><\/div>\n<span class=\"su-qrcode su-qrcode-align-none\"><a target=\"_blank\" title=\"5 - La for\u00eat des mots\"><img decoding=\"async\" src=\"https:\/\/api.qrserver.com\/v1\/create-qr-code\/?data=https%3A%2F%2Fwww.refugedesresistancesarmandgatti.ovh%2Fwp-content%2Fuploads%2F2024%2F07%2F5-la-foret-de-berbeyrolle.mp4&#038;size=200x200&#038;format=png&#038;margin=0&#038;color=000000&#038;bgcolor=ffffff\" alt=\"5 - La for\u00eat des mots\" \/><\/a><\/span>\n<div style=\"width: 625px;\" class=\"wp-video\"><video class=\"wp-video-shortcode\" id=\"video-229-6\" width=\"625\" height=\"500\" preload=\"metadata\" controls=\"controls\"><source type=\"video\/mp4\" src=\"https:\/\/www.refugedesresistancesarmandgatti.ovh\/wp-content\/uploads\/2024\/07\/6-la-foret-de-berbeyrolle.mp4?_=6\" \/><a href=\"https:\/\/www.refugedesresistancesarmandgatti.ovh\/wp-content\/uploads\/2024\/07\/6-la-foret-de-berbeyrolle.mp4\">https:\/\/www.refugedesresistancesarmandgatti.ovh\/wp-content\/uploads\/2024\/07\/6-la-foret-de-berbeyrolle.mp4<\/a><\/video><\/div>\n<p>&nbsp;<\/p>\n<span class=\"su-qrcode su-qrcode-align-none\"><a target=\"_blank\" title=\"6 - Un pistolet \u00e0 barillet\"><img decoding=\"async\" src=\"https:\/\/api.qrserver.com\/v1\/create-qr-code\/?data=https%3A%2F%2Fwww.refugedesresistancesarmandgatti.ovh%2Fwp-content%2Fuploads%2F2024%2F07%2F6-la-foret-de-berbeyrolle.mp4&#038;size=200x200&#038;format=png&#038;margin=0&#038;color=000000&#038;bgcolor=ffffff\" alt=\"6 - Un pistolet \u00e0 barillet\" \/><\/a><\/span>\n<p>&nbsp;<\/p>\n<div style=\"width: 625px;\" class=\"wp-video\"><video class=\"wp-video-shortcode\" id=\"video-229-7\" width=\"625\" height=\"352\" preload=\"metadata\" controls=\"controls\"><source type=\"video\/mp4\" src=\"https:\/\/www.refugedesresistancesarmandgatti.ovh\/wp-content\/uploads\/2024\/07\/7-Larrestation.mp4?_=7\" \/><a href=\"https:\/\/www.refugedesresistancesarmandgatti.ovh\/wp-content\/uploads\/2024\/07\/7-Larrestation.mp4\">https:\/\/www.refugedesresistancesarmandgatti.ovh\/wp-content\/uploads\/2024\/07\/7-Larrestation.mp4<\/a><\/video><\/div>\n<span class=\"su-qrcode su-qrcode-align-none\"><a target=\"_blank\" title=\"7 - L&#039;arrestation\"><img decoding=\"async\" src=\"https:\/\/api.qrserver.com\/v1\/create-qr-code\/?data=https%3A%2F%2Fwww.refugedesresistancesarmandgatti.ovh%2Fwp-content%2Fuploads%2F2024%2F07%2F7-Larrestation.mp4&#038;size=200x200&#038;format=png&#038;margin=0&#038;color=000000&#038;bgcolor=ffffff\" alt=\"7 - L&#039;arrestation\" \/><\/a><\/span>\n<div style=\"width: 625px;\" class=\"wp-video\"><video class=\"wp-video-shortcode\" id=\"video-229-8\" width=\"625\" height=\"352\" preload=\"metadata\" controls=\"controls\"><source type=\"video\/mp4\" src=\"https:\/\/www.refugedesresistancesarmandgatti.ovh\/wp-content\/uploads\/2024\/07\/8-Linterrogatoire.mp4?_=8\" \/><a href=\"https:\/\/www.refugedesresistancesarmandgatti.ovh\/wp-content\/uploads\/2024\/07\/8-Linterrogatoire.mp4\">https:\/\/www.refugedesresistancesarmandgatti.ovh\/wp-content\/uploads\/2024\/07\/8-Linterrogatoire.mp4<\/a><\/video><\/div>\n<p>&nbsp;<\/p>\n<p>&nbsp;<\/p>\n<span class=\"su-qrcode su-qrcode-align-none\"><a target=\"_blank\" title=\"8 - L&#039;interrogatoire\"><img decoding=\"async\" src=\"https:\/\/api.qrserver.com\/v1\/create-qr-code\/?data=https%3A%2F%2Fwww.refugedesresistancesarmandgatti.ovh%2Fwp-content%2Fuploads%2F2024%2F07%2F8-Linterrogatoire.mp4&#038;size=200x200&#038;format=png&#038;margin=0&#038;color=000000&#038;bgcolor=ffffff\" alt=\"8 - L&#039;interrogatoire\" \/><\/a><\/span>\n<p>&nbsp;<\/p>\n<div style=\"width: 625px;\" class=\"wp-video\"><video class=\"wp-video-shortcode\" id=\"video-229-9\" width=\"625\" height=\"469\" preload=\"metadata\" controls=\"controls\"><source type=\"video\/mp4\" src=\"https:\/\/www.refugedesresistancesarmandgatti.ovh\/wp-content\/uploads\/2024\/07\/9-La-maison-du-pere-Helie.mp4?_=9\" \/><a href=\"https:\/\/www.refugedesresistancesarmandgatti.ovh\/wp-content\/uploads\/2024\/07\/9-La-maison-du-pere-Helie.mp4\">https:\/\/www.refugedesresistancesarmandgatti.ovh\/wp-content\/uploads\/2024\/07\/9-La-maison-du-pere-Helie.mp4<\/a><\/video><\/div>\n<p>&nbsp;<\/p>\n<span class=\"su-qrcode su-qrcode-align-none\"><a target=\"_blank\" title=\"9 - La Maison du P\u00e8re H\u00e9lie\"><img decoding=\"async\" src=\"https:\/\/api.qrserver.com\/v1\/create-qr-code\/?data=https%3A%2F%2Fwww.refugedesresistancesarmandgatti.ovh%2Fwp-content%2Fuploads%2F2024%2F07%2F9-La-maison-du-pere-Helie.mp4&#038;size=200x200&#038;format=png&#038;margin=0&#038;color=000000&#038;bgcolor=ffffff\" alt=\"9 - La Maison du P\u00e8re H\u00e9lie\" \/><\/a><\/span>\n<div style=\"width: 625px;\" class=\"wp-video\"><video class=\"wp-video-shortcode\" id=\"video-229-10\" width=\"625\" height=\"500\" preload=\"metadata\" controls=\"controls\"><source type=\"video\/mp4\" src=\"https:\/\/www.refugedesresistancesarmandgatti.ovh\/wp-content\/uploads\/2024\/07\/10-la-foret-de-berbeyrolle.mp4?_=10\" \/><a href=\"https:\/\/www.refugedesresistancesarmandgatti.ovh\/wp-content\/uploads\/2024\/07\/10-la-foret-de-berbeyrolle.mp4\">https:\/\/www.refugedesresistancesarmandgatti.ovh\/wp-content\/uploads\/2024\/07\/10-la-foret-de-berbeyrolle.mp4<\/a><\/video><\/div>\n<p>&nbsp;<\/p>\n<span class=\"su-qrcode su-qrcode-align-none\"><a target=\"_blank\" title=\"10 - Etre l\u00e0\"><img decoding=\"async\" src=\"https:\/\/api.qrserver.com\/v1\/create-qr-code\/?data=https%3A%2F%2Fwww.refugedesresistancesarmandgatti.ovh%2Fwp-content%2Fuploads%2F2024%2F07%2F10-la-foret-de-berbeyrolle.mp4&#038;size=200x200&#038;format=png&#038;margin=0&#038;color=000000&#038;bgcolor=ffffff\" alt=\"10 - Etre l\u00e0\" \/><\/a><\/span>\n","protected":false},"excerpt":{"rendered":"<p>Le lieu est fondamental. Le plateau de Millevaches repr\u00e9sente dans l&rsquo;histoire personnelle de Gatti celui de sa seconde naissance. Ce n&rsquo;est pas qu&rsquo;une formule : c&rsquo;est l\u00e0, en 1943, que\u00a0 l&rsquo;adolescent de 18 ans, bard\u00e9 de livres et de r\u00eaves, orphelin et r\u00e9volt\u00e9, se retrouve dans les maquis de Guingouin. L&rsquo;hostilit\u00e9 du monde et l&rsquo;\u00e9vidence [&hellip;]<\/p>\n","protected":false},"author":2,"featured_media":0,"parent":183,"menu_order":0,"comment_status":"closed","ping_status":"closed","template":"","meta":{"footnotes":""},"class_list":["post-229","page","type-page","status-publish","hentry"],"_links":{"self":[{"href":"https:\/\/www.refugedesresistancesarmandgatti.ovh\/index.php\/wp-json\/wp\/v2\/pages\/229"}],"collection":[{"href":"https:\/\/www.refugedesresistancesarmandgatti.ovh\/index.php\/wp-json\/wp\/v2\/pages"}],"about":[{"href":"https:\/\/www.refugedesresistancesarmandgatti.ovh\/index.php\/wp-json\/wp\/v2\/types\/page"}],"author":[{"embeddable":true,"href":"https:\/\/www.refugedesresistancesarmandgatti.ovh\/index.php\/wp-json\/wp\/v2\/users\/2"}],"replies":[{"embeddable":true,"href":"https:\/\/www.refugedesresistancesarmandgatti.ovh\/index.php\/wp-json\/wp\/v2\/comments?post=229"}],"version-history":[{"count":21,"href":"https:\/\/www.refugedesresistancesarmandgatti.ovh\/index.php\/wp-json\/wp\/v2\/pages\/229\/revisions"}],"predecessor-version":[{"id":598,"href":"https:\/\/www.refugedesresistancesarmandgatti.ovh\/index.php\/wp-json\/wp\/v2\/pages\/229\/revisions\/598"}],"up":[{"embeddable":true,"href":"https:\/\/www.refugedesresistancesarmandgatti.ovh\/index.php\/wp-json\/wp\/v2\/pages\/183"}],"wp:attachment":[{"href":"https:\/\/www.refugedesresistancesarmandgatti.ovh\/index.php\/wp-json\/wp\/v2\/media?parent=229"}],"curies":[{"name":"wp","href":"https:\/\/api.w.org\/{rel}","templated":true}]}}